{"id":163,"date":"2025-10-01T11:28:33","date_gmt":"2025-10-01T09:28:33","guid":{"rendered":"https:\/\/fizioterapija-izola.click.si\/?page_id=163"},"modified":"2026-02-04T11:13:17","modified_gmt":"2026-02-04T10:13:17","slug":"o-nas","status":"publish","type":"page","link":"https:\/\/fizioterapija-izola.click.si\/it\/o-nas\/","title":{"rendered":"Chi siamo"},"content":{"rendered":"<div data-elementor-type=\"wp-page\" data-elementor-id=\"163\" class=\"elementor elementor-163\" data-elementor-post-type=\"page\">\n\t\t\t\t<div class=\"elementor-element elementor-element-9bff532 e-flex e-con-boxed e-con e-parent\" data-id=\"9bff532\" data-element_type=\"container\">\n\t\t\t\t\t<div class=\"e-con-inner\">\n\t\t\t\t<div class=\"elementor-element elementor-element-b69bc08 shine elementor-widget elementor-widget-heading\" data-id=\"b69bc08\" data-element_type=\"widget\" data-widget_type=\"heading.default\">\n\t\t\t\t\t<h1 class=\"elementor-heading-title elementor-size-default\">Chi siamo<\/h1>\t\t\t\t<\/div>\n\t\t<div class=\"elementor-element elementor-element-df71565 e-con-full e-flex e-con e-child\" data-id=\"df71565\" data-element_type=\"container\">\n\t\t<div class=\"elementor-element elementor-element-b27bf4d e-con-full e-flex e-con e-child\" data-id=\"b27bf4d\" data-element_type=\"container\" data-settings=\"{&quot;background_background&quot;:&quot;classic&quot;}\">\n\t\t\t\t<div class=\"elementor-element elementor-element-2ca9956 elementor-widget elementor-widget-heading\" data-id=\"2ca9956\" data-element_type=\"widget\" data-widget_type=\"heading.default\">\n\t\t\t\t\t<h2 class=\"elementor-heading-title elementor-size-default\">La nostra storia<\/h2>\t\t\t\t<\/div>\n\t\t\t\t<div class=\"elementor-element elementor-element-3084942 elementor-widget elementor-widget-text-editor\" data-id=\"3084942\" data-element_type=\"widget\" data-widget_type=\"text-editor.default\">\n\t\t\t\t\t\t\t\t\t<p>A causa dello sviluppo sempre pi\u00f9 rapido della fisioterapia nel nostro paese e in tutto il mondo, abbiamo istituito<strong> unit\u00e0 separata FIZIO A<\/strong>, che \u00e8 la continuazione di una tradizione ventennale di fisioterapia in <strong>Istituto di Fisiatria di Isola<\/strong> sotto la guida <strong>La dottoressa Uljana Antolovi\u010d-Vani\u010d, specialista in medicina fisica e riabilitativa,<\/strong> con il desiderio di fornire ai nostri pazienti servizi sanitari di qualit\u00e0 e gamma pi\u00f9 elevata.\u00a0<\/p><p>Ci avvaliamo di fisioterapisti costantemente formati, che ampliano le loro conoscenze sulle tecniche manuali e garantiscono l&#039;utilizzo delle pi\u00f9 moderne tecnologie in fisioterapia.\u00a0<\/p><p>Siamo specializzati nel trattamento e nella riabilitazione di problemi ortopedici con l&#039;obiettivo di ripristinare nell&#039;individuo una funzionalit\u00e0 ottimale e senza dolore.<\/p>\t\t\t\t\t\t\t\t<\/div>\n\t\t\t\t<\/div>\n\t\t<div class=\"elementor-element elementor-element-f0ca197 e-con-full e-flex e-con e-child\" data-id=\"f0ca197\" data-element_type=\"container\" data-settings=\"{&quot;background_background&quot;:&quot;classic&quot;}\">\n\t\t\t\t<div class=\"elementor-element elementor-element-b961f01 elementor-widget elementor-widget-heading\" data-id=\"b961f01\" data-element_type=\"widget\" data-widget_type=\"heading.default\">\n\t\t\t\t\t<h2 class=\"elementor-heading-title elementor-size-default\">I nostri vantaggi<\/h2>\t\t\t\t<\/div>\n\t\t\t\t<div class=\"elementor-element elementor-element-bc44d5e elementor-widget elementor-widget-text-editor\" data-id=\"bc44d5e\" data-element_type=\"widget\" data-widget_type=\"text-editor.default\">\n\t\t\t\t\t\t\t\t\t<ul><li>Molti anni di esperienza<\/li><li>Lavoro di squadra \u2013 medico specialista con fisioterapisti<\/li><li>Approccio individuale e olistico<\/li><li>Alta qualit\u00e0 e professionalit\u00e0 del lavoro<\/li><li>Rivolgendosi a tutti i gruppi target, dai bambini agli anziani<\/li><li>Siamo pronti ad accettare le critiche, cos\u00ec possiamo essere ancora migliori<\/li><li>Costi trasparenti<\/li><\/ul>\t\t\t\t\t\t\t\t<\/div>\n\t\t\t\t<\/div>\n\t\t\t\t<\/div>\n\t\t\t\t\t<\/div>\n\t\t\t\t<\/div>\n\t\t<div class=\"elementor-element elementor-element-acd91ca e-flex e-con-boxed e-con e-parent\" data-id=\"acd91ca\" data-element_type=\"container\">\n\t\t\t\t\t<div class=\"e-con-inner\">\n\t\t\t\t<div class=\"elementor-element elementor-element-2e1177a elementor-widget elementor-widget-heading\" data-id=\"2e1177a\" data-element_type=\"widget\" data-widget_type=\"heading.default\">\n\t\t\t\t\t<h2 class=\"elementor-heading-title elementor-size-default\">Presentazione della squadra<\/h2>\t\t\t\t<\/div>\n\t\t<div class=\"elementor-element elementor-element-c2cdaf0 e-con-full e-flex e-con e-child\" data-id=\"c2cdaf0\" data-element_type=\"container\" data-settings=\"{&quot;background_background&quot;:&quot;classic&quot;}\">\n\t\t\t\t<div class=\"elementor-element elementor-element-19d346b elementor-widget elementor-widget-heading\" data-id=\"19d346b\" data-element_type=\"widget\" data-widget_type=\"heading.default\">\n\t\t\t\t\t<h3 class=\"elementor-heading-title elementor-size-default\">Uljana Antolovic-Vani\u010d<\/h3>\t\t\t\t<\/div>\n\t\t\t\t<div class=\"elementor-element elementor-element-c76cacb elementor-widget elementor-widget-text-editor\" data-id=\"c76cacb\" data-element_type=\"widget\" data-widget_type=\"text-editor.default\">\n\t\t\t\t\t\t\t\t\t<p>Dott. med. specialista in medicina fisica e riabilitativa<\/p>\t\t\t\t\t\t\t\t<\/div>\n\t\t\t\t<div class=\"elementor-element elementor-element-6f46152 elementor-widget elementor-widget-gallery\" data-id=\"6f46152\" data-element_type=\"widget\" data-settings=\"{&quot;columns&quot;:3,&quot;gap&quot;:{&quot;unit&quot;:&quot;px&quot;,&quot;size&quot;:20,&quot;sizes&quot;:[]},&quot;columns_tablet&quot;:3,&quot;lazyload&quot;:&quot;yes&quot;,&quot;gallery_layout&quot;:&quot;grid&quot;,&quot;columns_mobile&quot;:1,&quot;gap_tablet&quot;:{&quot;unit&quot;:&quot;px&quot;,&quot;size&quot;:10,&quot;sizes&quot;:[]},&quot;gap_mobile&quot;:{&quot;unit&quot;:&quot;px&quot;,&quot;size&quot;:10,&quot;sizes&quot;:[]},&quot;link_to&quot;:&quot;file&quot;,&quot;aspect_ratio&quot;:&quot;3:2&quot;,&quot;overlay_background&quot;:&quot;yes&quot;,&quot;content_hover_animation&quot;:&quot;fade-in&quot;}\" data-widget_type=\"gallery.default\">\n\t\t\t\t\t\t\t<div class=\"elementor-gallery__container\">\n\t\t\t\t\t\t\t<a class=\"e-gallery-item elementor-gallery-item elementor-animated-content\" href=\"https:\/\/fizioterapija-izola.click.si\/wp-content\/uploads\/2025\/11\/fizioa-uljana-3.jpg\" data-elementor-open-lightbox=\"yes\" data-elementor-lightbox-slideshow=\"6f46152\" data-e-action-hash=\"#elementor-action%3Aaction%3Dlightbox%26settings%3DeyJpZCI6MTU1MCwidXJsIjoiaHR0cHM6XC9cL2ZpemlvdGVyYXBpamEtaXpvbGEuY2xpY2suc2lcL3dwLWNvbnRlbnRcL3VwbG9hZHNcLzIwMjVcLzExXC9maXppb2EtdWxqYW5hLTMuanBnIiwic2xpZGVzaG93IjoiNmY0NjE1MiJ9\">\n\t\t\t\t\t<div class=\"e-gallery-image elementor-gallery-item__image\" data-thumbnail=\"https:\/\/fizioterapija-izola.click.si\/wp-content\/uploads\/2025\/11\/fizioa-uljana-3.jpg\" data-width=\"1711\" data-height=\"1140\" aria-label=\"\" role=\"img\" ><\/div>\n\t\t\t\t\t\t\t\t\t\t\t<div class=\"elementor-gallery-item__overlay\"><\/div>\n\t\t\t\t\t\t\t\t\t\t\t\t\t\t<\/a>\n\t\t\t\t\t\t\t<a class=\"e-gallery-item elementor-gallery-item elementor-animated-content\" href=\"https:\/\/fizioterapija-izola.click.si\/wp-content\/uploads\/2025\/11\/fizioa-uljana-2.jpg\" data-elementor-open-lightbox=\"yes\" data-elementor-lightbox-slideshow=\"6f46152\" data-e-action-hash=\"#elementor-action%3Aaction%3Dlightbox%26settings%3DeyJpZCI6MTI4OCwidXJsIjoiaHR0cHM6XC9cL2ZpemlvdGVyYXBpamEtaXpvbGEuY2xpY2suc2lcL3dwLWNvbnRlbnRcL3VwbG9hZHNcLzIwMjVcLzExXC9maXppb2EtdWxqYW5hLTIuanBnIiwic2xpZGVzaG93IjoiNmY0NjE1MiJ9\">\n\t\t\t\t\t<div class=\"e-gallery-image elementor-gallery-item__image\" data-thumbnail=\"https:\/\/fizioterapija-izola.click.si\/wp-content\/uploads\/2025\/11\/fizioa-uljana-2.jpg\" data-width=\"1000\" data-height=\"722\" aria-label=\"\" role=\"img\" ><\/div>\n\t\t\t\t\t\t\t\t\t\t\t<div class=\"elementor-gallery-item__overlay\"><\/div>\n\t\t\t\t\t\t\t\t\t\t\t\t\t\t<\/a>\n\t\t\t\t\t\t\t<a class=\"e-gallery-item elementor-gallery-item elementor-animated-content\" href=\"https:\/\/fizioterapija-izola.click.si\/wp-content\/uploads\/2025\/11\/fizioa-uljana.jpg\" data-elementor-open-lightbox=\"yes\" data-elementor-lightbox-slideshow=\"6f46152\" data-e-action-hash=\"#elementor-action%3Aaction%3Dlightbox%26settings%3DeyJpZCI6MTI4NywidXJsIjoiaHR0cHM6XC9cL2ZpemlvdGVyYXBpamEtaXpvbGEuY2xpY2suc2lcL3dwLWNvbnRlbnRcL3VwbG9hZHNcLzIwMjVcLzExXC9maXppb2EtdWxqYW5hLmpwZyIsInNsaWRlc2hvdyI6IjZmNDYxNTIifQ%3D%3D\">\n\t\t\t\t\t<div class=\"e-gallery-image elementor-gallery-item__image\" data-thumbnail=\"https:\/\/fizioterapija-izola.click.si\/wp-content\/uploads\/2025\/11\/fizioa-uljana.jpg\" data-width=\"1000\" data-height=\"667\" aria-label=\"\" role=\"img\" ><\/div>\n\t\t\t\t\t\t\t\t\t\t\t<div class=\"elementor-gallery-item__overlay\"><\/div>\n\t\t\t\t\t\t\t\t\t\t\t\t\t\t<\/a>\n\t\t\t\t\t<\/div>\n\t\t\t\t\t<\/div>\n\t\t\t\t<\/div>\n\t\t<div class=\"elementor-element elementor-element-7d8d9f1 e-con-full e-flex e-con e-child\" data-id=\"7d8d9f1\" data-element_type=\"container\">\n\t\t<div class=\"elementor-element elementor-element-0792ad8 e-con-full e-flex e-con e-child\" data-id=\"0792ad8\" data-element_type=\"container\" data-settings=\"{&quot;background_background&quot;:&quot;classic&quot;}\">\n\t\t\t\t<div class=\"elementor-element elementor-element-43a0ce7 elementor-widget elementor-widget-heading\" data-id=\"43a0ce7\" data-element_type=\"widget\" data-widget_type=\"heading.default\">\n\t\t\t\t\t<h3 class=\"elementor-heading-title elementor-size-default\">Ana Vanic<\/h3>\t\t\t\t<\/div>\n\t\t\t\t<div class=\"elementor-element elementor-element-47fb8e0 elementor-widget elementor-widget-text-editor\" data-id=\"47fb8e0\" data-element_type=\"widget\" data-widget_type=\"text-editor.default\">\n\t\t\t\t\t\t\t\t\t<p>fisioterapista laureato<\/p>\t\t\t\t\t\t\t\t<\/div>\n\t\t\t\t<div class=\"elementor-element elementor-element-dceeafb elementor-widget elementor-widget-text-editor\" data-id=\"dceeafb\" data-element_type=\"widget\" data-widget_type=\"text-editor.default\">\n\t\t\t\t\t\t\t\t\t<p>Pratico sport fin da giovane. Ho alle spalle 10 anni di tennis amatoriale e 4 anni di sci agonistico, e dal 2011 sono anche maestro di sci di II livello. Ho assistito a diversi infortuni sportivi e ne ho subiti personalmente, il che mi ha incoraggiato a studiare l&#039;anatomia e ad approfondire questa materia. Come atleta attivo, sapevo che la mia missione sarebbe stata quella di lavorare con le persone, aiutarle. Dopo il diploma, ho deciso di studiare fisioterapia presso l&#039;Alma Mater Europeae di Maribor, dove mi sono laureato nel 2020. Durante gli studi, ho ricevuto ulteriore formazione in tecniche manuali, nuove tecniche con apparecchiature all&#039;avanguardia, kinesiotaping e massaggio sportivo.<br \/><br \/>Le mie conoscenze si concentrano principalmente sulla medicina ortopedica, dove utilizzo, tra le altre cose, il noto metodo Cyriax per il trattamento e la diagnosi.<br \/><br \/>Ho inoltre completato la formazione in Mobilizzazione Strumentale dei Tessuti Molli (IASTM), Uso del Filo Interdentale e Mobilizzazione dei Tessuti Molli. Ho anche una formazione iniziale in Monitoraggio Ecografico Muscoloscheletrico (MSC), per la quale sto attualmente seguendo un corso di formazione aggiuntivo, che mi consentir\u00e0 di acquisire una visione pi\u00f9 accurata dei risultati della terapia e di monitorare oggettivamente i progressi del paziente.<br \/><br \/>Posso attribuire la grande importanza dell&#039;esito positivo della riabilitazione nella nostra clinica anche al trattamento delle lesioni e delle malattie dei tessuti molli, poich\u00e9 combiniamo tutte le conoscenze acquisite con le attrezzature pi\u00f9 moderne e, attraverso un esercizio adeguato, offriamo al paziente la migliore riabilitazione possibile e il ritorno pi\u00f9 rapido possibile alla vita di tutti i giorni.<br \/><br \/>Ora, dopo ben 5 anni di lavoro attivo in fisioterapia, posso dire con orgoglio di avere alle spalle molti pazienti soddisfatti che vivono senza dolore o lo gestiscono meglio.<\/p>\t\t\t\t\t\t\t\t<\/div>\n\t\t\t\t<div class=\"elementor-element elementor-element-097ad92 elementor-widget elementor-widget-text-editor\" data-id=\"097ad92\" data-element_type=\"widget\" data-widget_type=\"text-editor.default\">\n\t\t\t\t\t\t\t\t\t<p><em><strong>\u201c&quot;Mi impegno a garantire elevati standard di servizi sanitari e una buona comunicazione con i pazienti.&quot;\u201d<\/strong><\/em><\/p>\t\t\t\t\t\t\t\t<\/div>\n\t\t\t\t<\/div>\n\t\t<div class=\"elementor-element elementor-element-be9788d e-con-full e-flex e-con e-child\" data-id=\"be9788d\" data-element_type=\"container\">\n\t\t\t\t<div class=\"elementor-element elementor-element-8243506 elementor-widget elementor-widget-image\" data-id=\"8243506\" data-element_type=\"widget\" data-widget_type=\"image.default\">\n\t\t\t\t\t\t\t\t\t\t\t\t\t\t\t<img fetchpriority=\"high\" decoding=\"async\" width=\"722\" height=\"1000\" src=\"https:\/\/fizioterapija-izola.click.si\/wp-content\/uploads\/2025\/11\/fizioa-ana.jpg\" class=\"attachment-large size-large wp-image-1280\" alt=\"\" srcset=\"https:\/\/fizioterapija-izola.click.si\/wp-content\/uploads\/2025\/11\/fizioa-ana.jpg 722w, https:\/\/fizioterapija-izola.click.si\/wp-content\/uploads\/2025\/11\/fizioa-ana-217x300.jpg 217w, https:\/\/fizioterapija-izola.click.si\/wp-content\/uploads\/2025\/11\/fizioa-ana-600x831.jpg 600w\" sizes=\"(max-width: 722px) 100vw, 722px\" \/>\t\t\t\t\t\t\t\t\t\t\t\t\t\t\t<\/div>\n\t\t\t\t<\/div>\n\t\t\t\t<\/div>\n\t\t<div class=\"elementor-element elementor-element-7a3f3da e-con-full e-flex e-con e-child\" data-id=\"7a3f3da\" data-element_type=\"container\">\n\t\t<div class=\"elementor-element elementor-element-55e4801 e-con-full e-flex e-con e-child\" data-id=\"55e4801\" data-element_type=\"container\">\n\t\t\t\t<div class=\"elementor-element elementor-element-b49dd01 elementor-widget elementor-widget-image\" data-id=\"b49dd01\" data-element_type=\"widget\" data-widget_type=\"image.default\">\n\t\t\t\t\t\t\t\t\t\t\t\t\t\t\t<img decoding=\"async\" width=\"722\" height=\"1000\" src=\"https:\/\/fizioterapija-izola.click.si\/wp-content\/uploads\/2025\/11\/fizioa-sanja.jpg\" class=\"attachment-large size-large wp-image-1281\" alt=\"\" srcset=\"https:\/\/fizioterapija-izola.click.si\/wp-content\/uploads\/2025\/11\/fizioa-sanja.jpg 722w, https:\/\/fizioterapija-izola.click.si\/wp-content\/uploads\/2025\/11\/fizioa-sanja-217x300.jpg 217w, https:\/\/fizioterapija-izola.click.si\/wp-content\/uploads\/2025\/11\/fizioa-sanja-600x831.jpg 600w\" sizes=\"(max-width: 722px) 100vw, 722px\" \/>\t\t\t\t\t\t\t\t\t\t\t\t\t\t\t<\/div>\n\t\t\t\t<\/div>\n\t\t<div class=\"elementor-element elementor-element-352517e e-con-full e-flex e-con e-child\" data-id=\"352517e\" data-element_type=\"container\" data-settings=\"{&quot;background_background&quot;:&quot;classic&quot;}\">\n\t\t\t\t<div class=\"elementor-element elementor-element-b0e54ff elementor-widget elementor-widget-heading\" data-id=\"b0e54ff\" data-element_type=\"widget\" data-widget_type=\"heading.default\">\n\t\t\t\t\t<h3 class=\"elementor-heading-title elementor-size-default\">Sanja Had\u017eali\u0107<\/h3>\t\t\t\t<\/div>\n\t\t\t\t<div class=\"elementor-element elementor-element-ee4658d elementor-widget elementor-widget-text-editor\" data-id=\"ee4658d\" data-element_type=\"widget\" data-widget_type=\"text-editor.default\">\n\t\t\t\t\t\t\t\t\t<p>fisioterapista laureato<\/p>\t\t\t\t\t\t\t\t<\/div>\n\t\t\t\t<div class=\"elementor-element elementor-element-b7cd63d elementor-widget elementor-widget-text-editor\" data-id=\"b7cd63d\" data-element_type=\"widget\" data-widget_type=\"text-editor.default\">\n\t\t\t\t\t\t\t\t\t<p>Dopo aver completato la Scuola Secondaria di Medicina a Isola, il mio percorso accademico \u00e8 proseguito presso l&#039;Alma Mater Europaea di Maribor, dove mi sono laureato nel 2018. Durante gli studi in Fisioterapia, ho anche svolto un tirocinio come infermiere presso l&#039;Ospedale Generale di Isola, dove ho avuto modo di confrontarmi con una vasta gamma di condizioni dolorose, il che mi ha spinto a riflettere su come aiutare ancora meglio i pazienti. Pertanto, ho voluto approfondire le mie conoscenze e acquisire competenze professionali per un trattamento efficace del dolore e delle lesioni.<br \/><br \/>Subito dopo la laurea nel 2018, ho iniziato il mio tirocinio presso l&#039;Istituto di fisioterapia di Isola sotto la supervisione professionale della fisioterapista senior Anita Umek, e l\u00ec ho continuato il mio percorso professionale.<br \/><br \/>Ho una conoscenza approfondita nel campo della medicina ortopedica e manuale (OMMT) ed eseguo terapie principalmente secondo il metodo Cyriax, per il trattamento delle lesioni dei tessuti molli dell&#039;apparato locomotore. Ho inoltre completato la formazione in filo interdentale medicale, mobilizzazione dei tessuti molli e fascia con attacchi IASTM.<br \/><br \/>Attualmente sto seguendo una formazione anche sul monitoraggio ecografico dell&#039;apparato muscolo-scheletrico (MSK), che mi consentir\u00e0 di indirizzare meglio la terapia e di monitorare oggettivamente i progressi.<\/p>\t\t\t\t\t\t\t\t<\/div>\n\t\t\t\t<div class=\"elementor-element elementor-element-efc3196 elementor-widget elementor-widget-text-editor\" data-id=\"efc3196\" data-element_type=\"widget\" data-widget_type=\"text-editor.default\">\n\t\t\t\t\t\t\t\t\t<p><em><strong>\u201cNella mia pratica, tratto le persone come vorrei essere trattato: con comprensione, professionalit\u00e0 e rispetto.\u201d <\/strong><\/em><\/p>\t\t\t\t\t\t\t\t<\/div>\n\t\t\t\t<\/div>\n\t\t\t\t<\/div>\n\t\t\t\t\t<\/div>\n\t\t\t\t<\/div>\n\t\t<div class=\"elementor-element elementor-element-cdffe49 elementor-hidden-desktop elementor-hidden-tablet elementor-hidden-mobile e-flex e-con-boxed e-con e-parent\" data-id=\"cdffe49\" data-element_type=\"container\">\n\t\t\t\t\t<div class=\"e-con-inner\">\n\t\t\t\t<div class=\"elementor-element elementor-element-59b95bd elementor-widget elementor-widget-heading\" data-id=\"59b95bd\" data-element_type=\"widget\" data-widget_type=\"heading.default\">\n\t\t\t\t\t<h2 class=\"elementor-heading-title elementor-size-default\">Compagnie assicurative con cui collaboriamo<\/h2>\t\t\t\t<\/div>\n\t\t\t\t<div class=\"elementor-element elementor-element-0004b31 elementor-widget elementor-widget-text-editor\" data-id=\"0004b31\" data-element_type=\"widget\" data-widget_type=\"text-editor.default\">\n\t\t\t\t\t\t\t\t\t<p>Abbiamo un accordo di cooperazione con una compagnia assicurativa privata. <strong>Generali, reciprocamente, <\/strong>con la compagnia assicurativa<strong> Triglav Salute, Dottore 24, Sava<\/strong> E<strong> Mercurio<\/strong>. <br \/>Offriamo servizi di fisioterapia ai nostri assicurati che hanno una polizza premium che copre servizi specialistici.<\/p>\t\t\t\t\t\t\t\t<\/div>\n\t\t<div class=\"elementor-element elementor-element-fc760ae e-con-full e-flex e-con e-child\" data-id=\"fc760ae\" data-element_type=\"container\" data-settings=\"{&quot;background_background&quot;:&quot;classic&quot;}\">\n\t\t\t\t<div class=\"elementor-element elementor-element-90ecc31 elementor-widget elementor-widget-image\" data-id=\"90ecc31\" data-element_type=\"widget\" data-widget_type=\"image.default\">\n\t\t\t\t\t\t\t\t\t\t\t\t\t\t\t<img decoding=\"async\" width=\"244\" height=\"200\" src=\"https:\/\/fizioterapija-izola.click.si\/wp-content\/uploads\/2025\/11\/generali-1.png\" class=\"attachment-large size-large wp-image-1031\" alt=\"\" \/>\t\t\t\t\t\t\t\t\t\t\t\t\t\t\t<\/div>\n\t\t\t\t<div class=\"elementor-element elementor-element-d140470 elementor-widget elementor-widget-image\" data-id=\"d140470\" data-element_type=\"widget\" data-widget_type=\"image.default\">\n\t\t\t\t\t\t\t\t\t\t\t\t\t\t\t<img loading=\"lazy\" decoding=\"async\" width=\"122\" height=\"200\" src=\"https:\/\/fizioterapija-izola.click.si\/wp-content\/uploads\/2025\/11\/triglav.png\" class=\"attachment-large size-large wp-image-1029\" alt=\"\" \/>\t\t\t\t\t\t\t\t\t\t\t\t\t\t\t<\/div>\n\t\t\t\t<div class=\"elementor-element elementor-element-3950930 elementor-widget elementor-widget-image\" data-id=\"3950930\" data-element_type=\"widget\" data-widget_type=\"image.default\">\n\t\t\t\t\t\t\t\t\t\t\t\t\t\t\t<img loading=\"lazy\" decoding=\"async\" width=\"151\" height=\"200\" src=\"https:\/\/fizioterapija-izola.click.si\/wp-content\/uploads\/2025\/11\/vzajemna-logo.png\" class=\"attachment-large size-large wp-image-1030\" alt=\"\" \/>\t\t\t\t\t\t\t\t\t\t\t\t\t\t\t<\/div>\n\t\t\t\t<div class=\"elementor-element elementor-element-cde3113 elementor-widget elementor-widget-image\" data-id=\"cde3113\" data-element_type=\"widget\" data-widget_type=\"image.default\">\n\t\t\t\t\t\t\t\t\t\t\t\t\t\t\t<img loading=\"lazy\" decoding=\"async\" width=\"594\" height=\"200\" src=\"https:\/\/fizioterapija-izola.click.si\/wp-content\/uploads\/2025\/11\/Logo-color-Sava.jpg-RGB_1.png\" class=\"attachment-large size-large wp-image-1027\" alt=\"\" srcset=\"https:\/\/fizioterapija-izola.click.si\/wp-content\/uploads\/2025\/11\/Logo-color-Sava.jpg-RGB_1.png 594w, https:\/\/fizioterapija-izola.click.si\/wp-content\/uploads\/2025\/11\/Logo-color-Sava.jpg-RGB_1-300x101.png 300w\" sizes=\"(max-width: 594px) 100vw, 594px\" \/>\t\t\t\t\t\t\t\t\t\t\t\t\t\t\t<\/div>\n\t\t\t\t<div class=\"elementor-element elementor-element-c87bf8c elementor-widget elementor-widget-image\" data-id=\"c87bf8c\" data-element_type=\"widget\" data-widget_type=\"image.default\">\n\t\t\t\t\t\t\t\t\t\t\t\t\t\t\t<img loading=\"lazy\" decoding=\"async\" width=\"667\" height=\"200\" src=\"https:\/\/fizioterapija-izola.click.si\/wp-content\/uploads\/2025\/11\/doktor24-logo-1.png\" class=\"attachment-large size-large wp-image-1025\" alt=\"\" srcset=\"https:\/\/fizioterapija-izola.click.si\/wp-content\/uploads\/2025\/11\/doktor24-logo-1.png 667w, https:\/\/fizioterapija-izola.click.si\/wp-content\/uploads\/2025\/11\/doktor24-logo-1-300x90.png 300w, https:\/\/fizioterapija-izola.click.si\/wp-content\/uploads\/2025\/11\/doktor24-logo-1-600x180.png 600w\" sizes=\"(max-width: 667px) 100vw, 667px\" \/>\t\t\t\t\t\t\t\t\t\t\t\t\t\t\t<\/div>\n\t\t\t\t<div class=\"elementor-element elementor-element-67c8b3d elementor-widget elementor-widget-image\" data-id=\"67c8b3d\" data-element_type=\"widget\" data-widget_type=\"image.default\">\n\t\t\t\t\t\t\t\t\t\t\t\t\t\t\t<img loading=\"lazy\" decoding=\"async\" width=\"669\" height=\"200\" src=\"https:\/\/fizioterapija-izola.click.si\/wp-content\/uploads\/2025\/11\/merkur-zavarovalnica-logo-01.png\" class=\"attachment-large size-large wp-image-1028\" alt=\"\" srcset=\"https:\/\/fizioterapija-izola.click.si\/wp-content\/uploads\/2025\/11\/merkur-zavarovalnica-logo-01.png 669w, https:\/\/fizioterapija-izola.click.si\/wp-content\/uploads\/2025\/11\/merkur-zavarovalnica-logo-01-300x90.png 300w, https:\/\/fizioterapija-izola.click.si\/wp-content\/uploads\/2025\/11\/merkur-zavarovalnica-logo-01-600x179.png 600w\" sizes=\"(max-width: 669px) 100vw, 669px\" \/>\t\t\t\t\t\t\t\t\t\t\t\t\t\t\t<\/div>\n\t\t\t\t<\/div>\n\t\t\t\t\t<\/div>\n\t\t\t\t<\/div>\n\t\t<div class=\"elementor-element elementor-element-aeeae3f e-flex e-con-boxed e-con e-parent\" data-id=\"aeeae3f\" data-element_type=\"container\">\n\t\t\t\t\t<div class=\"e-con-inner\">\n\t\t\t\t<div class=\"elementor-element elementor-element-e02ac2d elementor-widget elementor-widget-image\" data-id=\"e02ac2d\" data-element_type=\"widget\" data-widget_type=\"image.default\">\n\t\t\t\t\t\t\t\t\t\t\t\t\t\t\t<img loading=\"lazy\" decoding=\"async\" width=\"800\" height=\"493\" src=\"https:\/\/fizioterapija-izola.click.si\/wp-content\/uploads\/2025\/11\/fizioa-ekipa.jpg\" class=\"attachment-large size-large wp-image-1195\" alt=\"\" srcset=\"https:\/\/fizioterapija-izola.click.si\/wp-content\/uploads\/2025\/11\/fizioa-ekipa.jpg 1000w, https:\/\/fizioterapija-izola.click.si\/wp-content\/uploads\/2025\/11\/fizioa-ekipa-300x185.jpg 300w, https:\/\/fizioterapija-izola.click.si\/wp-content\/uploads\/2025\/11\/fizioa-ekipa-768x473.jpg 768w, https:\/\/fizioterapija-izola.click.si\/wp-content\/uploads\/2025\/11\/fizioa-ekipa-600x370.jpg 600w\" sizes=\"(max-width: 800px) 100vw, 800px\" \/>\t\t\t\t\t\t\t\t\t\t\t\t\t\t\t<\/div>\n\t\t\t\t<div class=\"elementor-element elementor-element-795b267 elementor-widget elementor-widget-heading\" data-id=\"795b267\" data-element_type=\"widget\" data-widget_type=\"heading.default\">\n\t\t\t\t\t<h2 class=\"elementor-heading-title elementor-size-default\">Noi cooperiamo<\/h2>\t\t\t\t<\/div>\n\t\t\t\t<div class=\"elementor-element elementor-element-62dfccc elementor-widget elementor-widget-text-editor\" data-id=\"62dfccc\" data-element_type=\"widget\" data-widget_type=\"text-editor.default\">\n\t\t\t\t\t\t\t\t\t<p><strong>Anja Brumat<\/strong>, fisioterapista laureato, master in scienze della salute<br \/><strong>Aleksandra Baruca<\/strong>, linfoterapeuta<\/p>\t\t\t\t\t\t\t\t<\/div>\n\t\t\t\t<div class=\"elementor-element elementor-element-ae1988b elementor-widget elementor-widget-heading\" data-id=\"ae1988b\" data-element_type=\"widget\" data-widget_type=\"heading.default\">\n\t\t\t\t\t<h2 class=\"elementor-heading-title elementor-size-default\">Diagnostica<\/h2>\t\t\t\t<\/div>\n\t\t<div class=\"elementor-element elementor-element-a6534de e-con-full e-flex e-con e-child\" data-id=\"a6534de\" data-element_type=\"container\">\n\t\t\t\t<div class=\"elementor-element elementor-element-9e6f939 elementor-widget elementor-widget-text-editor\" data-id=\"9e6f939\" data-element_type=\"widget\" data-widget_type=\"text-editor.default\">\n\t\t\t\t\t\t\t\t\t<p><strong>FISIOTERAPISTA<\/strong><\/p><ul><li>Anamnesi<\/li><li>Ecografia diagnostica di un&#039;articolazione o di un muscolo<\/li><li>Diagnosi<\/li><li>Preparazione di un piano di trattamento individuale, che comprende fisioterapia e altri metodi di riabilitazione.<\/li><\/ul>\t\t\t\t\t\t\t\t<\/div>\n\t\t\t\t<div class=\"elementor-element elementor-element-b572858 elementor-widget elementor-widget-text-editor\" data-id=\"b572858\" data-element_type=\"widget\" data-widget_type=\"text-editor.default\">\n\t\t\t\t\t\t\t\t\t<p><strong>FISIOTERAPISTA<\/strong><\/p><ul><li>Conversazione, analisi dei referti medici<\/li><li>Valutazione dello stato funzionale: test muscolare, valutazione della mobilit\u00e0 articolare, esame della mobilit\u00e0 articolare<\/li><li>Valutazione della disfunzione motoria<\/li><li>Test speciali<\/li><li>Valutazione del dolore<\/li><li>Piano e implementazione della fisioterapia<\/li><\/ul>\t\t\t\t\t\t\t\t<\/div>\n\t\t\t\t<\/div>\n\t\t\t\t\t<\/div>\n\t\t\t\t<\/div>\n\t\t\t\t<\/div>","protected":false},"excerpt":{"rendered":"<p>Chi siamo La nostra storia A causa del rapido sviluppo della fisioterapia nel nostro Paese e nel mondo, abbiamo fondato un&#039;unit\u00e0 separata, FIZIO A, che \u00e8 la continuazione della tradizione ventennale della fisioterapia presso l&#039;Istituto di fisioterapia di Isola sotto la guida di Uljana Antolovi\u010d-Vani\u010d, dott.ssa med. specialista in medicina fisica e riabilitativa, con il desiderio di fornire una qualit\u00e0 superiore e un&#039;offerta pi\u00f9 ampia di servizi sanitari ai nostri pazienti. Impieghiamo [\u2026]<\/p>","protected":false},"author":1,"featured_media":0,"parent":0,"menu_order":0,"comment_status":"closed","ping_status":"closed","template":"","meta":{"_acf_changed":false,"inline_featured_image":false,"footnotes":""},"class_list":["post-163","page","type-page","status-publish","hentry"],"acf":[],"_links":{"self":[{"href":"https:\/\/fizioterapija-izola.click.si\/it\/wp-json\/wp\/v2\/pages\/163","targetHints":{"allow":["GET"]}}],"collection":[{"href":"https:\/\/fizioterapija-izola.click.si\/it\/wp-json\/wp\/v2\/pages"}],"about":[{"href":"https:\/\/fizioterapija-izola.click.si\/it\/wp-json\/wp\/v2\/types\/page"}],"author":[{"embeddable":true,"href":"https:\/\/fizioterapija-izola.click.si\/it\/wp-json\/wp\/v2\/users\/1"}],"replies":[{"embeddable":true,"href":"https:\/\/fizioterapija-izola.click.si\/it\/wp-json\/wp\/v2\/comments?post=163"}],"version-history":[{"count":67,"href":"https:\/\/fizioterapija-izola.click.si\/it\/wp-json\/wp\/v2\/pages\/163\/revisions"}],"predecessor-version":[{"id":1661,"href":"https:\/\/fizioterapija-izola.click.si\/it\/wp-json\/wp\/v2\/pages\/163\/revisions\/1661"}],"wp:attachment":[{"href":"https:\/\/fizioterapija-izola.click.si\/it\/wp-json\/wp\/v2\/media?parent=163"}],"curies":[{"name":"parola chiave","href":"https:\/\/api.w.org\/{rel}","templated":true}]}}